 {"id":5489,"date":"2022-07-07T17:32:55","date_gmt":"2022-07-07T17:32:55","guid":{"rendered":"https:\/\/dionisio.pt\/portfolio\/"},"modified":"2022-07-07T17:32:55","modified_gmt":"2022-07-07T17:32:55","slug":"portfolio","status":"publish","type":"page","link":"https:\/\/dionisio.pt\/en\/portfolio\/","title":{"rendered":"Portfolio"},"content":{"rendered":"        <div class=\"wp-block-visual-portfolio\">\n            \n<div class=\"vp-portfolio vp-uid-1ef45919 vp-id-449aa425\"\n    data-vp-layout=\"tiles\" data-vp-content-source=\"post-based\" data-vp-items-style=\"fade\" data-vp-items-click-action=\"url\" data-vp-items-gap=\"30\" data-vp-items-gap-vertical=\"\" data-vp-pagination=\"paged\" data-vp-next-page-url=\"\" data-vp-tiles-type=\"3|1,1|\" >\n    <div class=\"vp-portfolio__preloader-wrap\">\n        <div class=\"vp-portfolio__preloader\">\n            <img decoding=\"async\" loading=\"eager\" src=\"https:\/\/dionisio.pt\/wp-content\/plugins\/visual-portfolio\/assets\/images\/logo-dark.svg\" alt=\"Visual Portfolio, Posts &amp; Image Gallery for WordPress\" width=\"20\" height=\"20\" data-skip-lazy>\n        <\/div>\n    <\/div>\n        <div class=\"vp-portfolio__layout-elements vp-portfolio__layout-elements-top vp-portfolio__layout-elements-align-center\">\n                <div class=\"vp-portfolio__filter-wrap\">\n        \n<div class=\"vp-filter vp-filter__style-minimal\">\n            <div class=\"vp-filter__item vp-filter__item-active\">\n            <a href=\"\/en\/wp-json\/wp\/v2\/pages\/5489\" data-vp-filter=\"*\">\n                All\n                            <\/a>\n        <\/div>\n                <div class=\"vp-filter__item\">\n            <a href=\"\/en\/wp-json\/wp\/v2\/pages\/5489?vp_filter=category%3Auncategorized\" data-vp-filter=\"uncategorized\">\n                Uncategorized\n                            <\/a>\n        <\/div>\n        <\/div>\n        <\/div>\n                <\/div>\n                <div class=\"vp-portfolio__items-wrap\">\n            \n<div class=\"vp-portfolio__items vp-portfolio__items-style-fade vp-portfolio__items-show-overlay-hover\">\n\n        <article class=\"vp-portfolio__item-wrap post-7408 post type-post status-publish format-standard has-post-thumbnail hentry category-uncategorized vp-portfolio__item-uid-d2d90881\" data-vp-filter=\"uncategorized\">\n                        <div class=\"vp-portfolio__item-popup\"\n                style=\"display: none;\"\n                data-vp-popup-img=\"https:\/\/dionisio.pt\/wp-content\/uploads\/2023\/10\/maxus-t90-ev-banner-1-1920x620-2.jpg\"\n                data-vp-popup-img-srcset=\"https:\/\/dionisio.pt\/wp-content\/uploads\/2023\/10\/maxus-t90-ev-banner-1-1920x620-2.jpg 1920w, https:\/\/dionisio.pt\/wp-content\/uploads\/2023\/10\/maxus-t90-ev-banner-1-1920x620-2-300x97.jpg 300w, https:\/\/dionisio.pt\/wp-content\/uploads\/2023\/10\/maxus-t90-ev-banner-1-1920x620-2-1024x331.jpg 1024w, https:\/\/dionisio.pt\/wp-content\/uploads\/2023\/10\/maxus-t90-ev-banner-1-1920x620-2-768x248.jpg 768w, https:\/\/dionisio.pt\/wp-content\/uploads\/2023\/10\/maxus-t90-ev-banner-1-1920x620-2-1536x496.jpg 1536w, https:\/\/dionisio.pt\/wp-content\/uploads\/2023\/10\/maxus-t90-ev-banner-1-1920x620-2-500x161.jpg 500w, https:\/\/dionisio.pt\/wp-content\/uploads\/2023\/10\/maxus-t90-ev-banner-1-1920x620-2-800x258.jpg 800w, https:\/\/dionisio.pt\/wp-content\/uploads\/2023\/10\/maxus-t90-ev-banner-1-1920x620-2-1280x413.jpg 1280w\"\n                data-vp-popup-img-size=\"1920x620\"\n                data-vp-popup-md-img=\"https:\/\/dionisio.pt\/wp-content\/uploads\/2023\/10\/maxus-t90-ev-banner-1-1920x620-2-800x258.jpg\"\n                data-vp-popup-md-img-size=\"800x258\"\n                data-vp-popup-sm-img=\"https:\/\/dionisio.pt\/wp-content\/uploads\/2023\/10\/maxus-t90-ev-banner-1-1920x620-2-500x161.jpg\"\n                data-vp-popup-sm-img-size=\"500x161\"\n            >\n                                    <h3 class=\"vp-portfolio__item-popup-title\">maxus_t90_ev_banner_1__1920x620<\/h3>\n                                <\/div>\n                                    <figure class=\"vp-portfolio__item\">\n                \n<div class=\"vp-portfolio__item-img-wrap\">\n    <div class=\"vp-portfolio__item-img\">\n        <a  href=\"https:\/\/dionisio.pt\/en\/t90-ev-a-1a-pick-up-100-eletrica-no-mercado-nacional\/\" >\n        <img loading=\"lazy\" decoding=\"async\" width=\"1920\" height=\"620\" src=\"https:\/\/dionisio.pt\/wp-content\/uploads\/2023\/10\/maxus-t90-ev-banner-1-1920x620-2.jpg\" class=\"wp-image-7399\" alt=\"\" srcset=\"https:\/\/dionisio.pt\/wp-content\/uploads\/2023\/10\/maxus-t90-ev-banner-1-1920x620-2.jpg 1920w, https:\/\/dionisio.pt\/wp-content\/uploads\/2023\/10\/maxus-t90-ev-banner-1-1920x620-2-300x97.jpg 300w, https:\/\/dionisio.pt\/wp-content\/uploads\/2023\/10\/maxus-t90-ev-banner-1-1920x620-2-1024x331.jpg 1024w, https:\/\/dionisio.pt\/wp-content\/uploads\/2023\/10\/maxus-t90-ev-banner-1-1920x620-2-768x248.jpg 768w, https:\/\/dionisio.pt\/wp-content\/uploads\/2023\/10\/maxus-t90-ev-banner-1-1920x620-2-1536x496.jpg 1536w, https:\/\/dionisio.pt\/wp-content\/uploads\/2023\/10\/maxus-t90-ev-banner-1-1920x620-2-500x161.jpg 500w, https:\/\/dionisio.pt\/wp-content\/uploads\/2023\/10\/maxus-t90-ev-banner-1-1920x620-2-800x258.jpg 800w, https:\/\/dionisio.pt\/wp-content\/uploads\/2023\/10\/maxus-t90-ev-banner-1-1920x620-2-1280x413.jpg 1280w\" sizes=\"auto, (max-width: 1920px) 100vw, 1920px\" \/>\n        <\/a>    <\/div>\n<\/div>\n\n<figcaption class=\"vp-portfolio__item-overlay vp-portfolio__item-align-center\">\n    <div class=\"vp-portfolio__item-meta-wrap vp-portfolio__custom-scrollbar\">\n        <a  href=\"https:\/\/dionisio.pt\/en\/t90-ev-a-1a-pick-up-100-eletrica-no-mercado-nacional\/\" tabindex=\"-1\" class=\"vp-portfolio__item-meta\" >\n        \n<div class=\"vp-portfolio__item-meta-categories\">\n            <div class=\"vp-portfolio__item-meta-category\">\n            <span  >Uncategorized<\/span>        <\/div>\n        <\/div>\n\n<h2 class=\"vp-portfolio__item-meta-title\">\n    T90 EV, A 1\u00aa PICK-UP 100% EL\u00c9TRICA NO MERCADO NACIONAL<\/h2>\n\n        <\/a>    <\/div>\n<\/figcaption>\n            <\/figure>\n                    <\/article>\n        \n        <article class=\"vp-portfolio__item-wrap post-5592 post type-post status-publish format-standard has-post-thumbnail hentry category-uncategorized vp-portfolio__item-uid-4805f86a\" data-vp-filter=\"uncategorized\">\n                        <div class=\"vp-portfolio__item-popup\"\n                style=\"display: none;\"\n                data-vp-popup-img=\"https:\/\/dionisio.pt\/wp-content\/uploads\/2022\/07\/2023-mitsubishis-asx-tanitildi-o-aslinda-bir-captur-7728-2.jpg\"\n                data-vp-popup-img-srcset=\"https:\/\/dionisio.pt\/wp-content\/uploads\/2022\/07\/2023-mitsubishis-asx-tanitildi-o-aslinda-bir-captur-7728-2.jpg 1921w, https:\/\/dionisio.pt\/wp-content\/uploads\/2022\/07\/2023-mitsubishis-asx-tanitildi-o-aslinda-bir-captur-7728-2-300x169.jpg 300w, https:\/\/dionisio.pt\/wp-content\/uploads\/2022\/07\/2023-mitsubishis-asx-tanitildi-o-aslinda-bir-captur-7728-2-1024x576.jpg 1024w, https:\/\/dionisio.pt\/wp-content\/uploads\/2022\/07\/2023-mitsubishis-asx-tanitildi-o-aslinda-bir-captur-7728-2-768x432.jpg 768w, https:\/\/dionisio.pt\/wp-content\/uploads\/2022\/07\/2023-mitsubishis-asx-tanitildi-o-aslinda-bir-captur-7728-2-1536x864.jpg 1536w, https:\/\/dionisio.pt\/wp-content\/uploads\/2022\/07\/2023-mitsubishis-asx-tanitildi-o-aslinda-bir-captur-7728-2-500x281.jpg 500w, https:\/\/dionisio.pt\/wp-content\/uploads\/2022\/07\/2023-mitsubishis-asx-tanitildi-o-aslinda-bir-captur-7728-2-800x450.jpg 800w, https:\/\/dionisio.pt\/wp-content\/uploads\/2022\/07\/2023-mitsubishis-asx-tanitildi-o-aslinda-bir-captur-7728-2-1280x720.jpg 1280w\"\n                data-vp-popup-img-size=\"1920x1079\"\n                data-vp-popup-md-img=\"https:\/\/dionisio.pt\/wp-content\/uploads\/2022\/07\/2023-mitsubishis-asx-tanitildi-o-aslinda-bir-captur-7728-2-800x450.jpg\"\n                data-vp-popup-md-img-size=\"800x450\"\n                data-vp-popup-sm-img=\"https:\/\/dionisio.pt\/wp-content\/uploads\/2022\/07\/2023-mitsubishis-asx-tanitildi-o-aslinda-bir-captur-7728-2-500x281.jpg\"\n                data-vp-popup-sm-img-size=\"500x281\"\n            >\n                                    <h3 class=\"vp-portfolio__item-popup-title\">2023-mitsubishis-asx-tanitildi-o-aslinda-bir-captur-7728-2<\/h3>\n                                <\/div>\n                                    <figure class=\"vp-portfolio__item\">\n                \n<div class=\"vp-portfolio__item-img-wrap\">\n    <div class=\"vp-portfolio__item-img\">\n        <a  href=\"https:\/\/dionisio.pt\/en\/uma-nova-geracao-asx-esta-a-chegar\/\" >\n        <img loading=\"lazy\" decoding=\"async\" width=\"1920\" height=\"1079\" src=\"https:\/\/dionisio.pt\/wp-content\/uploads\/2022\/07\/2023-mitsubishis-asx-tanitildi-o-aslinda-bir-captur-7728-2.jpg\" class=\"wp-image-6111\" alt=\"\" srcset=\"https:\/\/dionisio.pt\/wp-content\/uploads\/2022\/07\/2023-mitsubishis-asx-tanitildi-o-aslinda-bir-captur-7728-2.jpg 1921w, https:\/\/dionisio.pt\/wp-content\/uploads\/2022\/07\/2023-mitsubishis-asx-tanitildi-o-aslinda-bir-captur-7728-2-300x169.jpg 300w, https:\/\/dionisio.pt\/wp-content\/uploads\/2022\/07\/2023-mitsubishis-asx-tanitildi-o-aslinda-bir-captur-7728-2-1024x576.jpg 1024w, https:\/\/dionisio.pt\/wp-content\/uploads\/2022\/07\/2023-mitsubishis-asx-tanitildi-o-aslinda-bir-captur-7728-2-768x432.jpg 768w, https:\/\/dionisio.pt\/wp-content\/uploads\/2022\/07\/2023-mitsubishis-asx-tanitildi-o-aslinda-bir-captur-7728-2-1536x864.jpg 1536w, https:\/\/dionisio.pt\/wp-content\/uploads\/2022\/07\/2023-mitsubishis-asx-tanitildi-o-aslinda-bir-captur-7728-2-500x281.jpg 500w, https:\/\/dionisio.pt\/wp-content\/uploads\/2022\/07\/2023-mitsubishis-asx-tanitildi-o-aslinda-bir-captur-7728-2-800x450.jpg 800w, https:\/\/dionisio.pt\/wp-content\/uploads\/2022\/07\/2023-mitsubishis-asx-tanitildi-o-aslinda-bir-captur-7728-2-1280x720.jpg 1280w\" sizes=\"auto, (max-width: 1920px) 100vw, 1920px\" \/>\n        <\/a>    <\/div>\n<\/div>\n\n<figcaption class=\"vp-portfolio__item-overlay vp-portfolio__item-align-center\">\n    <div class=\"vp-portfolio__item-meta-wrap vp-portfolio__custom-scrollbar\">\n        <a  href=\"https:\/\/dionisio.pt\/en\/uma-nova-geracao-asx-esta-a-chegar\/\" tabindex=\"-1\" class=\"vp-portfolio__item-meta\" >\n        \n<div class=\"vp-portfolio__item-meta-categories\">\n            <div class=\"vp-portfolio__item-meta-category\">\n            <span  >Uncategorized<\/span>        <\/div>\n        <\/div>\n\n<h2 class=\"vp-portfolio__item-meta-title\">\n    A new generation ASX is coming!<\/h2>\n\n        <\/a>    <\/div>\n<\/figcaption>\n            <\/figure>\n                    <\/article>\n        \n        <article class=\"vp-portfolio__item-wrap post-5371 post type-post status-publish format-standard has-post-thumbnail hentry category-uncategorized vp-portfolio__item-uid-4b02f8ec\" data-vp-filter=\"uncategorized\">\n                        <div class=\"vp-portfolio__item-popup\"\n                style=\"display: none;\"\n                data-vp-popup-img=\"https:\/\/dionisio.pt\/wp-content\/uploads\/2022\/06\/logotipo-rent-a-car-preto.png\"\n                data-vp-popup-img-srcset=\"https:\/\/dionisio.pt\/wp-content\/uploads\/2022\/06\/logotipo-rent-a-car-preto.png 433w, https:\/\/dionisio.pt\/wp-content\/uploads\/2022\/06\/logotipo-rent-a-car-preto-225x300.png 225w, https:\/\/dionisio.pt\/wp-content\/uploads\/2022\/06\/logotipo-rent-a-car-preto-375x500.png 375w\"\n                data-vp-popup-img-size=\"433x577\"\n                data-vp-popup-md-img=\"https:\/\/dionisio.pt\/wp-content\/uploads\/2022\/06\/logotipo-rent-a-car-preto.png\"\n                data-vp-popup-md-img-size=\"433x577\"\n                data-vp-popup-sm-img=\"https:\/\/dionisio.pt\/wp-content\/uploads\/2022\/06\/logotipo-rent-a-car-preto-375x500.png\"\n                data-vp-popup-sm-img-size=\"375x500\"\n            >\n                                    <h3 class=\"vp-portfolio__item-popup-title\">Logotipo Rent A Car preto<\/h3>\n                                <\/div>\n                                    <figure class=\"vp-portfolio__item\">\n                \n<div class=\"vp-portfolio__item-img-wrap\">\n    <div class=\"vp-portfolio__item-img\">\n        <a  href=\"https:\/\/dionisio.pt\/en\/dionisio-carreiro-de-almeida-lda-inicia-atividade-de-aluguer-de-veiculos-rent-a-car\/\" >\n        <img loading=\"lazy\" decoding=\"async\" width=\"433\" height=\"577\" src=\"https:\/\/dionisio.pt\/wp-content\/uploads\/2022\/06\/logotipo-rent-a-car-preto.png\" class=\"wp-image-5365\" alt=\"\" srcset=\"https:\/\/dionisio.pt\/wp-content\/uploads\/2022\/06\/logotipo-rent-a-car-preto.png 433w, https:\/\/dionisio.pt\/wp-content\/uploads\/2022\/06\/logotipo-rent-a-car-preto-225x300.png 225w, https:\/\/dionisio.pt\/wp-content\/uploads\/2022\/06\/logotipo-rent-a-car-preto-375x500.png 375w\" sizes=\"auto, (max-width: 433px) 100vw, 433px\" \/>\n        <\/a>    <\/div>\n<\/div>\n\n<figcaption class=\"vp-portfolio__item-overlay vp-portfolio__item-align-center\">\n    <div class=\"vp-portfolio__item-meta-wrap vp-portfolio__custom-scrollbar\">\n        <a  href=\"https:\/\/dionisio.pt\/en\/dionisio-carreiro-de-almeida-lda-inicia-atividade-de-aluguer-de-veiculos-rent-a-car\/\" tabindex=\"-1\" class=\"vp-portfolio__item-meta\" >\n        \n<div class=\"vp-portfolio__item-meta-categories\">\n            <div class=\"vp-portfolio__item-meta-category\">\n            <span  >Uncategorized<\/span>        <\/div>\n        <\/div>\n\n<h2 class=\"vp-portfolio__item-meta-title\">\n    Dion\u00edsio Carreiro de Almeida LDA, starts car rental activity (RENT A CAR)<\/h2>\n\n        <\/a>    <\/div>\n<\/figcaption>\n            <\/figure>\n                    <\/article>\n        \n        <article class=\"vp-portfolio__item-wrap post-4961 post type-post status-publish format-standard has-post-thumbnail hentry category-uncategorized vp-portfolio__item-uid-e7322b1e\" data-vp-filter=\"uncategorized\">\n                        <div class=\"vp-portfolio__item-popup\"\n                style=\"display: none;\"\n                data-vp-popup-img=\"https:\/\/dionisio.pt\/wp-content\/uploads\/2022\/06\/284243091-3557319904495359-4013934248561379096-n.jpg\"\n                data-vp-popup-img-srcset=\"https:\/\/dionisio.pt\/wp-content\/uploads\/2022\/06\/284243091-3557319904495359-4013934248561379096-n.jpg 1920w, https:\/\/dionisio.pt\/wp-content\/uploads\/2022\/06\/284243091-3557319904495359-4013934248561379096-n-300x168.jpg 300w, https:\/\/dionisio.pt\/wp-content\/uploads\/2022\/06\/284243091-3557319904495359-4013934248561379096-n-1024x575.jpg 1024w, https:\/\/dionisio.pt\/wp-content\/uploads\/2022\/06\/284243091-3557319904495359-4013934248561379096-n-768x431.jpg 768w, https:\/\/dionisio.pt\/wp-content\/uploads\/2022\/06\/284243091-3557319904495359-4013934248561379096-n-500x281.jpg 500w, https:\/\/dionisio.pt\/wp-content\/uploads\/2022\/06\/284243091-3557319904495359-4013934248561379096-n-800x449.jpg 800w, https:\/\/dionisio.pt\/wp-content\/uploads\/2022\/06\/284243091-3557319904495359-4013934248561379096-n-1280x719.jpg 1280w, https:\/\/dionisio.pt\/wp-content\/uploads\/2022\/06\/284243091-3557319904495359-4013934248561379096-n-1536x862.jpg 1536w\"\n                data-vp-popup-img-size=\"1920x1078\"\n                data-vp-popup-md-img=\"https:\/\/dionisio.pt\/wp-content\/uploads\/2022\/06\/284243091-3557319904495359-4013934248561379096-n-800x449.jpg\"\n                data-vp-popup-md-img-size=\"800x449\"\n                data-vp-popup-sm-img=\"https:\/\/dionisio.pt\/wp-content\/uploads\/2022\/06\/284243091-3557319904495359-4013934248561379096-n-500x281.jpg\"\n                data-vp-popup-sm-img-size=\"500x281\"\n            >\n                                    <h3 class=\"vp-portfolio__item-popup-title\">284243091_3557319904495359_4013934248561379096_n<\/h3>\n                                <\/div>\n                                    <figure class=\"vp-portfolio__item\">\n                \n<div class=\"vp-portfolio__item-img-wrap\">\n    <div class=\"vp-portfolio__item-img\">\n        <a  href=\"https:\/\/dionisio.pt\/en\/dionisio-carreiro-de-almeida-lda-assina-protocolo-com-a-associacao-de-nadadores-salvadores-da-costa-norte\/\" >\n        <img loading=\"lazy\" decoding=\"async\" width=\"1920\" height=\"1078\" src=\"https:\/\/dionisio.pt\/wp-content\/uploads\/2022\/06\/284243091-3557319904495359-4013934248561379096-n.jpg\" class=\"wp-image-4940\" alt=\"\" srcset=\"https:\/\/dionisio.pt\/wp-content\/uploads\/2022\/06\/284243091-3557319904495359-4013934248561379096-n.jpg 1920w, https:\/\/dionisio.pt\/wp-content\/uploads\/2022\/06\/284243091-3557319904495359-4013934248561379096-n-300x168.jpg 300w, https:\/\/dionisio.pt\/wp-content\/uploads\/2022\/06\/284243091-3557319904495359-4013934248561379096-n-1024x575.jpg 1024w, https:\/\/dionisio.pt\/wp-content\/uploads\/2022\/06\/284243091-3557319904495359-4013934248561379096-n-768x431.jpg 768w, https:\/\/dionisio.pt\/wp-content\/uploads\/2022\/06\/284243091-3557319904495359-4013934248561379096-n-500x281.jpg 500w, https:\/\/dionisio.pt\/wp-content\/uploads\/2022\/06\/284243091-3557319904495359-4013934248561379096-n-800x449.jpg 800w, https:\/\/dionisio.pt\/wp-content\/uploads\/2022\/06\/284243091-3557319904495359-4013934248561379096-n-1280x719.jpg 1280w, https:\/\/dionisio.pt\/wp-content\/uploads\/2022\/06\/284243091-3557319904495359-4013934248561379096-n-1536x862.jpg 1536w\" sizes=\"auto, (max-width: 1920px) 100vw, 1920px\" \/>\n        <\/a>    <\/div>\n<\/div>\n\n<figcaption class=\"vp-portfolio__item-overlay vp-portfolio__item-align-center\">\n    <div class=\"vp-portfolio__item-meta-wrap vp-portfolio__custom-scrollbar\">\n        <a  href=\"https:\/\/dionisio.pt\/en\/dionisio-carreiro-de-almeida-lda-assina-protocolo-com-a-associacao-de-nadadores-salvadores-da-costa-norte\/\" tabindex=\"-1\" class=\"vp-portfolio__item-meta\" >\n        \n<div class=\"vp-portfolio__item-meta-categories\">\n            <div class=\"vp-portfolio__item-meta-category\">\n            <span  >Uncategorized<\/span>        <\/div>\n        <\/div>\n\n<h2 class=\"vp-portfolio__item-meta-title\">\n    Dion\u00edsio Carreiro de Almeida LDA renews partnership with ANSCN<\/h2>\n\n        <\/a>    <\/div>\n<\/figcaption>\n            <\/figure>\n                    <\/article>\n        \n        <article class=\"vp-portfolio__item-wrap post-4948 post type-post status-publish format-standard has-post-thumbnail hentry category-uncategorized vp-portfolio__item-uid-acd8f138\" data-vp-filter=\"uncategorized\">\n                        <div class=\"vp-portfolio__item-popup\"\n                style=\"display: none;\"\n                data-vp-popup-img=\"https:\/\/dionisio.pt\/wp-content\/uploads\/2022\/06\/whatsapp-image-2022-05-25-at-075439.jpeg\"\n                data-vp-popup-img-srcset=\"https:\/\/dionisio.pt\/wp-content\/uploads\/2022\/06\/whatsapp-image-2022-05-25-at-075439.jpeg 1024w, https:\/\/dionisio.pt\/wp-content\/uploads\/2022\/06\/whatsapp-image-2022-05-25-at-075439-300x225.jpeg 300w, https:\/\/dionisio.pt\/wp-content\/uploads\/2022\/06\/whatsapp-image-2022-05-25-at-075439-768x576.jpeg 768w, https:\/\/dionisio.pt\/wp-content\/uploads\/2022\/06\/whatsapp-image-2022-05-25-at-075439-500x375.jpeg 500w, https:\/\/dionisio.pt\/wp-content\/uploads\/2022\/06\/whatsapp-image-2022-05-25-at-075439-800x600.jpeg 800w\"\n                data-vp-popup-img-size=\"1024x768\"\n                data-vp-popup-md-img=\"https:\/\/dionisio.pt\/wp-content\/uploads\/2022\/06\/whatsapp-image-2022-05-25-at-075439-800x600.jpeg\"\n                data-vp-popup-md-img-size=\"800x600\"\n                data-vp-popup-sm-img=\"https:\/\/dionisio.pt\/wp-content\/uploads\/2022\/06\/whatsapp-image-2022-05-25-at-075439-500x375.jpeg\"\n                data-vp-popup-sm-img-size=\"500x375\"\n            >\n                                    <h3 class=\"vp-portfolio__item-popup-title\">WhatsApp Image 2022-05-25 at 07.54.39<\/h3>\n                                <\/div>\n                                    <figure class=\"vp-portfolio__item\">\n                \n<div class=\"vp-portfolio__item-img-wrap\">\n    <div class=\"vp-portfolio__item-img\">\n        <a  href=\"https:\/\/dionisio.pt\/en\/melhor-concessionario-mitsubishi-motors-2021\/\" >\n        <img loading=\"lazy\" decoding=\"async\" width=\"1024\" height=\"768\" src=\"https:\/\/dionisio.pt\/wp-content\/uploads\/2022\/06\/whatsapp-image-2022-05-25-at-075439.jpeg\" class=\"wp-image-4912\" alt=\"\" srcset=\"https:\/\/dionisio.pt\/wp-content\/uploads\/2022\/06\/whatsapp-image-2022-05-25-at-075439.jpeg 1024w, https:\/\/dionisio.pt\/wp-content\/uploads\/2022\/06\/whatsapp-image-2022-05-25-at-075439-300x225.jpeg 300w, https:\/\/dionisio.pt\/wp-content\/uploads\/2022\/06\/whatsapp-image-2022-05-25-at-075439-768x576.jpeg 768w, https:\/\/dionisio.pt\/wp-content\/uploads\/2022\/06\/whatsapp-image-2022-05-25-at-075439-500x375.jpeg 500w, https:\/\/dionisio.pt\/wp-content\/uploads\/2022\/06\/whatsapp-image-2022-05-25-at-075439-800x600.jpeg 800w\" sizes=\"auto, (max-width: 1024px) 100vw, 1024px\" \/>\n        <\/a>    <\/div>\n<\/div>\n\n<figcaption class=\"vp-portfolio__item-overlay vp-portfolio__item-align-center\">\n    <div class=\"vp-portfolio__item-meta-wrap vp-portfolio__custom-scrollbar\">\n        <a  href=\"https:\/\/dionisio.pt\/en\/melhor-concessionario-mitsubishi-motors-2021\/\" tabindex=\"-1\" class=\"vp-portfolio__item-meta\" >\n        \n<div class=\"vp-portfolio__item-meta-categories\">\n            <div class=\"vp-portfolio__item-meta-category\">\n            <span  >Uncategorized<\/span>        <\/div>\n        <\/div>\n\n<h2 class=\"vp-portfolio__item-meta-title\">\n    BEST DEALER MITSUBISHI MOTORS 2021<\/h2>\n\n        <\/a>    <\/div>\n<\/figcaption>\n            <\/figure>\n                    <\/article>\n        \n        <article class=\"vp-portfolio__item-wrap post-3763 post type-post status-publish format-standard has-post-thumbnail hentry category-uncategorized vp-portfolio__item-uid-9e755f81\" data-vp-filter=\"uncategorized\">\n                        <div class=\"vp-portfolio__item-popup\"\n                style=\"display: none;\"\n                data-vp-popup-img=\"https:\/\/dionisio.pt\/wp-content\/uploads\/2021\/12\/fuso.jpg\"\n                data-vp-popup-img-srcset=\"https:\/\/dionisio.pt\/wp-content\/uploads\/2021\/12\/fuso.jpg 747w, https:\/\/dionisio.pt\/wp-content\/uploads\/2021\/12\/fuso-300x200.jpg 300w, https:\/\/dionisio.pt\/wp-content\/uploads\/2021\/12\/fuso-500x333.jpg 500w\"\n                data-vp-popup-img-size=\"747x498\"\n                data-vp-popup-md-img=\"https:\/\/dionisio.pt\/wp-content\/uploads\/2021\/12\/fuso.jpg\"\n                data-vp-popup-md-img-size=\"747x498\"\n                data-vp-popup-sm-img=\"https:\/\/dionisio.pt\/wp-content\/uploads\/2021\/12\/fuso-500x333.jpg\"\n                data-vp-popup-sm-img-size=\"500x333\"\n            >\n                                    <h3 class=\"vp-portfolio__item-popup-title\">FUSO<\/h3>\n                                <\/div>\n                                    <figure class=\"vp-portfolio__item\">\n                \n<div class=\"vp-portfolio__item-img-wrap\">\n    <div class=\"vp-portfolio__item-img\">\n        <a  href=\"https:\/\/dionisio.pt\/en\/tramagal-starts-production-of-the-new-fuso-canter\/\" >\n        <img loading=\"lazy\" decoding=\"async\" width=\"747\" height=\"498\" src=\"https:\/\/dionisio.pt\/wp-content\/uploads\/2021\/12\/fuso.jpg\" class=\"wp-image-3736\" alt=\"\" srcset=\"https:\/\/dionisio.pt\/wp-content\/uploads\/2021\/12\/fuso.jpg 747w, https:\/\/dionisio.pt\/wp-content\/uploads\/2021\/12\/fuso-300x200.jpg 300w, https:\/\/dionisio.pt\/wp-content\/uploads\/2021\/12\/fuso-500x333.jpg 500w\" sizes=\"auto, (max-width: 747px) 100vw, 747px\" \/>\n        <\/a>    <\/div>\n<\/div>\n\n<figcaption class=\"vp-portfolio__item-overlay vp-portfolio__item-align-center\">\n    <div class=\"vp-portfolio__item-meta-wrap vp-portfolio__custom-scrollbar\">\n        <a  href=\"https:\/\/dionisio.pt\/en\/tramagal-starts-production-of-the-new-fuso-canter\/\" tabindex=\"-1\" class=\"vp-portfolio__item-meta\" >\n        \n<div class=\"vp-portfolio__item-meta-categories\">\n            <div class=\"vp-portfolio__item-meta-category\">\n            <span  >Uncategorized<\/span>        <\/div>\n        <\/div>\n\n<h2 class=\"vp-portfolio__item-meta-title\">\n    TRAMAGAL | STARTS PRODUCTION OF THE NEW FUSO CANTER<\/h2>\n\n        <\/a>    <\/div>\n<\/figcaption>\n            <\/figure>\n                    <\/article>\n        \n        <article class=\"vp-portfolio__item-wrap post-3752 post type-post status-publish format-standard has-post-thumbnail hentry category-uncategorized vp-portfolio__item-uid-c25f3cd4\" data-vp-filter=\"uncategorized\">\n                        <div class=\"vp-portfolio__item-popup\"\n                style=\"display: none;\"\n                data-vp-popup-img=\"https:\/\/dionisio.pt\/wp-content\/uploads\/2021\/11\/9p.jpg\"\n                data-vp-popup-img-srcset=\"https:\/\/dionisio.pt\/wp-content\/uploads\/2021\/11\/9p.jpg 1776w, https:\/\/dionisio.pt\/wp-content\/uploads\/2021\/11\/9p-300x200.jpg 300w, https:\/\/dionisio.pt\/wp-content\/uploads\/2021\/11\/9p-1024x683.jpg 1024w, https:\/\/dionisio.pt\/wp-content\/uploads\/2021\/11\/9p-768x512.jpg 768w, https:\/\/dionisio.pt\/wp-content\/uploads\/2021\/11\/9p-500x333.jpg 500w, https:\/\/dionisio.pt\/wp-content\/uploads\/2021\/11\/9p-800x533.jpg 800w, https:\/\/dionisio.pt\/wp-content\/uploads\/2021\/11\/9p-1280x853.jpg 1280w, https:\/\/dionisio.pt\/wp-content\/uploads\/2021\/11\/9p-1536x1024.jpg 1536w\"\n                data-vp-popup-img-size=\"1776x1184\"\n                data-vp-popup-md-img=\"https:\/\/dionisio.pt\/wp-content\/uploads\/2021\/11\/9p-800x533.jpg\"\n                data-vp-popup-md-img-size=\"800x533\"\n                data-vp-popup-sm-img=\"https:\/\/dionisio.pt\/wp-content\/uploads\/2021\/11\/9p-500x333.jpg\"\n                data-vp-popup-sm-img-size=\"500x333\"\n            >\n                                    <h3 class=\"vp-portfolio__item-popup-title\">9p<\/h3>\n                                <\/div>\n                                    <figure class=\"vp-portfolio__item\">\n                \n<div class=\"vp-portfolio__item-img-wrap\">\n    <div class=\"vp-portfolio__item-img\">\n        <a  href=\"https:\/\/dionisio.pt\/en\/support-to-the-north-coast-lifeguards-association\/\" >\n        <img loading=\"lazy\" decoding=\"async\" width=\"1776\" height=\"1184\" src=\"https:\/\/dionisio.pt\/wp-content\/uploads\/2021\/11\/9p.jpg\" class=\"wp-image-3701\" alt=\"\" srcset=\"https:\/\/dionisio.pt\/wp-content\/uploads\/2021\/11\/9p.jpg 1776w, https:\/\/dionisio.pt\/wp-content\/uploads\/2021\/11\/9p-300x200.jpg 300w, https:\/\/dionisio.pt\/wp-content\/uploads\/2021\/11\/9p-1024x683.jpg 1024w, https:\/\/dionisio.pt\/wp-content\/uploads\/2021\/11\/9p-768x512.jpg 768w, https:\/\/dionisio.pt\/wp-content\/uploads\/2021\/11\/9p-500x333.jpg 500w, https:\/\/dionisio.pt\/wp-content\/uploads\/2021\/11\/9p-800x533.jpg 800w, https:\/\/dionisio.pt\/wp-content\/uploads\/2021\/11\/9p-1280x853.jpg 1280w, https:\/\/dionisio.pt\/wp-content\/uploads\/2021\/11\/9p-1536x1024.jpg 1536w\" sizes=\"auto, (max-width: 1776px) 100vw, 1776px\" \/>\n        <\/a>    <\/div>\n<\/div>\n\n<figcaption class=\"vp-portfolio__item-overlay vp-portfolio__item-align-center\">\n    <div class=\"vp-portfolio__item-meta-wrap vp-portfolio__custom-scrollbar\">\n        <a  href=\"https:\/\/dionisio.pt\/en\/support-to-the-north-coast-lifeguards-association\/\" tabindex=\"-1\" class=\"vp-portfolio__item-meta\" >\n        \n<div class=\"vp-portfolio__item-meta-categories\">\n            <div class=\"vp-portfolio__item-meta-category\">\n            <span  >Uncategorized<\/span>        <\/div>\n        <\/div>\n\n<h2 class=\"vp-portfolio__item-meta-title\">\n    Support to the North Coast Lifeguards Association<\/h2>\n\n        <\/a>    <\/div>\n<\/figcaption>\n            <\/figure>\n                    <\/article>\n        \n        <article class=\"vp-portfolio__item-wrap post-3975 post type-post status-publish format-standard has-post-thumbnail hentry category-uncategorized vp-portfolio__item-uid-6493e6ff\" data-vp-filter=\"uncategorized\">\n                        <div class=\"vp-portfolio__item-popup\"\n                style=\"display: none;\"\n                data-vp-popup-img=\"https:\/\/dionisio.pt\/wp-content\/uploads\/2021\/12\/fuso.jpg\"\n                data-vp-popup-img-srcset=\"https:\/\/dionisio.pt\/wp-content\/uploads\/2021\/12\/fuso.jpg 747w, https:\/\/dionisio.pt\/wp-content\/uploads\/2021\/12\/fuso-300x200.jpg 300w, https:\/\/dionisio.pt\/wp-content\/uploads\/2021\/12\/fuso-500x333.jpg 500w\"\n                data-vp-popup-img-size=\"747x498\"\n                data-vp-popup-md-img=\"https:\/\/dionisio.pt\/wp-content\/uploads\/2021\/12\/fuso.jpg\"\n                data-vp-popup-md-img-size=\"747x498\"\n                data-vp-popup-sm-img=\"https:\/\/dionisio.pt\/wp-content\/uploads\/2021\/12\/fuso-500x333.jpg\"\n                data-vp-popup-sm-img-size=\"500x333\"\n            >\n                                    <h3 class=\"vp-portfolio__item-popup-title\">FUSO<\/h3>\n                                <\/div>\n                                    <figure class=\"vp-portfolio__item\">\n                \n<div class=\"vp-portfolio__item-img-wrap\">\n    <div class=\"vp-portfolio__item-img\">\n        <a  href=\"https:\/\/dionisio.pt\/en\/tramagal-fabrica-da-mitsubishi-inicia-producao-da-nova-fuso-canter\/\" >\n        <img loading=\"lazy\" decoding=\"async\" width=\"747\" height=\"498\" src=\"https:\/\/dionisio.pt\/wp-content\/uploads\/2021\/12\/fuso.jpg\" class=\"wp-image-3737\" alt=\"\" srcset=\"https:\/\/dionisio.pt\/wp-content\/uploads\/2021\/12\/fuso.jpg 747w, https:\/\/dionisio.pt\/wp-content\/uploads\/2021\/12\/fuso-300x200.jpg 300w, https:\/\/dionisio.pt\/wp-content\/uploads\/2021\/12\/fuso-500x333.jpg 500w\" sizes=\"auto, (max-width: 747px) 100vw, 747px\" \/>\n        <\/a>    <\/div>\n<\/div>\n\n<figcaption class=\"vp-portfolio__item-overlay vp-portfolio__item-align-center\">\n    <div class=\"vp-portfolio__item-meta-wrap vp-portfolio__custom-scrollbar\">\n        <a  href=\"https:\/\/dionisio.pt\/en\/tramagal-fabrica-da-mitsubishi-inicia-producao-da-nova-fuso-canter\/\" tabindex=\"-1\" class=\"vp-portfolio__item-meta\" >\n        \n<div class=\"vp-portfolio__item-meta-categories\">\n            <div class=\"vp-portfolio__item-meta-category\">\n            <span  >Uncategorized<\/span>        <\/div>\n        <\/div>\n\n<h2 class=\"vp-portfolio__item-meta-title\">\n    TRAMAGAL | STARTS PRODUCTION OF THE NEW FUSO CANTER<\/h2>\n\n        <\/a>    <\/div>\n<\/figcaption>\n            <\/figure>\n                    <\/article>\n        \n<\/div>\n        <\/div>\n                <div class=\"vp-portfolio__layout-elements vp-portfolio__layout-elements-bottom vp-portfolio__layout-elements-align-center\">\n                <div class=\"vp-portfolio__pagination-wrap\">\n                <\/div>\n                <\/div>\n        \n<\/div>\n        <\/div>\n        ","protected":false},"excerpt":{"rendered":"","protected":false},"author":1,"featured_media":0,"parent":0,"menu_order":0,"comment_status":"closed","ping_status":"closed","template":"","meta":{"_vp_format_video_url":"","_vp_image_focal_point":[],"footnotes":""},"class_list":["post-5489","page","type-page","status-publish","hentry"],"yoast_head":"<!-- This site is optimized with the Yoast SEO plugin v19.2 - https:\/\/yoast.com\/wordpress\/plugins\/seo\/ -->\n<title>Portfolio - Dion\u00edsio Carreiro de Almeida, Lda<\/title>\n<meta name=\"robots\" content=\"index, follow, max-snippet:-1, max-image-preview:large, max-video-preview:-1\" \/>\n<link rel=\"canonical\" href=\"https:\/\/dionisio.pt\/en\/portfolio\/\" \/>\n<meta property=\"og:locale\" content=\"en_US\" \/>\n<meta property=\"og:type\" content=\"article\" \/>\n<meta property=\"og:title\" content=\"Portfolio - Dion\u00edsio Carreiro de Almeida, Lda\" \/>\n<meta property=\"og:url\" content=\"https:\/\/dionisio.pt\/en\/portfolio\/\" \/>\n<meta property=\"og:site_name\" content=\"Dion\u00edsio Carreiro de Almeida, Lda\" \/>\n<meta name=\"author\" content=\"administrador\" \/>\n<meta name=\"twitter:card\" content=\"summary_large_image\" \/>\n<script type=\"application\/ld+json\" class=\"yoast-schema-graph\">{\"@context\":\"https:\/\/schema.org\",\"@graph\":[{\"@type\":\"WebSite\",\"@id\":\"https:\/\/dionisio.pt\/#website\",\"url\":\"https:\/\/dionisio.pt\/\",\"name\":\"Dion\u00edsio Carreiro de Almeida, Lda\",\"description\":\"Com\u00e9rcio de viaturas novas e usadas em S\u00e3o Miguel, A\u00e7ores\",\"potentialAction\":[{\"@type\":\"SearchAction\",\"target\":{\"@type\":\"EntryPoint\",\"urlTemplate\":\"https:\/\/dionisio.pt\/?s={search_term_string}\"},\"query-input\":\"required name=search_term_string\"}],\"inLanguage\":\"en-US\"},{\"@type\":\"WebPage\",\"@id\":\"https:\/\/dionisio.pt\/en\/portfolio\/#webpage\",\"url\":\"https:\/\/dionisio.pt\/en\/portfolio\/\",\"name\":\"Portfolio - Dion\u00edsio Carreiro de Almeida, Lda\",\"isPartOf\":{\"@id\":\"https:\/\/dionisio.pt\/#website\"},\"datePublished\":\"2022-07-07T17:32:55+00:00\",\"dateModified\":\"2022-07-07T17:32:55+00:00\",\"breadcrumb\":{\"@id\":\"https:\/\/dionisio.pt\/en\/portfolio\/#breadcrumb\"},\"inLanguage\":\"en-US\",\"potentialAction\":[{\"@type\":\"ReadAction\",\"target\":[\"https:\/\/dionisio.pt\/en\/portfolio\/\"]}]},{\"@type\":\"BreadcrumbList\",\"@id\":\"https:\/\/dionisio.pt\/en\/portfolio\/#breadcrumb\",\"itemListElement\":[{\"@type\":\"ListItem\",\"position\":1,\"name\":\"Portfolio\"}]}]}<\/script>\n<!-- \/ Yoast SEO plugin. -->","yoast_head_json":{"title":"Portfolio - Dion\u00edsio Carreiro de Almeida, Lda","robots":{"index":"index","follow":"follow","max-snippet":"max-snippet:-1","max-image-preview":"max-image-preview:large","max-video-preview":"max-video-preview:-1"},"canonical":"https:\/\/dionisio.pt\/en\/portfolio\/","og_locale":"en_US","og_type":"article","og_title":"Portfolio - Dion\u00edsio Carreiro de Almeida, Lda","og_url":"https:\/\/dionisio.pt\/en\/portfolio\/","og_site_name":"Dion\u00edsio Carreiro de Almeida, Lda","author":"administrador","twitter_card":"summary_large_image","schema":{"@context":"https:\/\/schema.org","@graph":[{"@type":"WebSite","@id":"https:\/\/dionisio.pt\/#website","url":"https:\/\/dionisio.pt\/","name":"Dion\u00edsio Carreiro de Almeida, Lda","description":"Com\u00e9rcio de viaturas novas e usadas em S\u00e3o Miguel, A\u00e7ores","potentialAction":[{"@type":"SearchAction","target":{"@type":"EntryPoint","urlTemplate":"https:\/\/dionisio.pt\/?s={search_term_string}"},"query-input":"required name=search_term_string"}],"inLanguage":"en-US"},{"@type":"WebPage","@id":"https:\/\/dionisio.pt\/en\/portfolio\/#webpage","url":"https:\/\/dionisio.pt\/en\/portfolio\/","name":"Portfolio - Dion\u00edsio Carreiro de Almeida, Lda","isPartOf":{"@id":"https:\/\/dionisio.pt\/#website"},"datePublished":"2022-07-07T17:32:55+00:00","dateModified":"2022-07-07T17:32:55+00:00","breadcrumb":{"@id":"https:\/\/dionisio.pt\/en\/portfolio\/#breadcrumb"},"inLanguage":"en-US","potentialAction":[{"@type":"ReadAction","target":["https:\/\/dionisio.pt\/en\/portfolio\/"]}]},{"@type":"BreadcrumbList","@id":"https:\/\/dionisio.pt\/en\/portfolio\/#breadcrumb","itemListElement":[{"@type":"ListItem","position":1,"name":"Portfolio"}]}]}},"_links":{"self":[{"href":"https:\/\/dionisio.pt\/en\/wp-json\/wp\/v2\/pages\/5489","targetHints":{"allow":["GET"]}}],"collection":[{"href":"https:\/\/dionisio.pt\/en\/wp-json\/wp\/v2\/pages"}],"about":[{"href":"https:\/\/dionisio.pt\/en\/wp-json\/wp\/v2\/types\/page"}],"author":[{"embeddable":true,"href":"https:\/\/dionisio.pt\/en\/wp-json\/wp\/v2\/users\/1"}],"replies":[{"embeddable":true,"href":"https:\/\/dionisio.pt\/en\/wp-json\/wp\/v2\/comments?post=5489"}],"version-history":[{"count":1,"href":"https:\/\/dionisio.pt\/en\/wp-json\/wp\/v2\/pages\/5489\/revisions"}],"predecessor-version":[{"id":5490,"href":"https:\/\/dionisio.pt\/en\/wp-json\/wp\/v2\/pages\/5489\/revisions\/5490"}],"wp:attachment":[{"href":"https:\/\/dionisio.pt\/en\/wp-json\/wp\/v2\/media?parent=5489"}],"curies":[{"name":"wp","href":"https:\/\/api.w.org\/{rel}","templated":true}]}}